{"id":506,"date":"2026-07-16T06:58:19","date_gmt":"2026-07-16T06:58:19","guid":{"rendered":"https:\/\/ws.travelblox.eu\/?page_id=506"},"modified":"2026-08-19T13:01:39","modified_gmt":"2026-08-19T13:01:39","slug":"portes-du-soleil","status":"publish","type":"page","link":"https:\/\/ws.travelblox.eu\/fr\/skigebied\/portes-du-soleil\/","title":{"rendered":"Portes du Soleil"},"content":{"rendered":"<div class=\"tb-header tb-block align-center background-dark pattern-none variant-none\" id=\"header\" data-fallback-background=\"https:\/\/ws.travelblox.eu\/wp-content\/uploads\/sites\/106\/2026\/07\/03-02-2020-ETSAVORIAZ-93.jpg\" style=\"background-image: linear-gradient(rgba(0, 0, 0, 0.4), rgba(0, 0, 0, 0.4)), url('https:\/\/ws.travelblox.eu\/wp-content\/smush-webp\/sites\/106\/2026\/07\/03-02-2020-ETSAVORIAZ-93.jpg.webp'); background-position:;\" data-smush-webp-fallback=\"{&quot;bg-image&quot;:&quot; linear-gradient(rgba(0, 0, 0, 0.4), rgba(0, 0, 0, 0.4)), url(&#039;https:\\\/\\\/ws.travelblox.eu\\\/wp-content\\\/uploads\\\/sites\\\/106\\\/2026\\\/07\\\/03-02-2020-ETSAVORIAZ-93.jpg&#039;)&quot;}\">\n        \n    <div class=\"tb-header-foreground\">\n        <div class=\"inner-block\">\n\n            <div class=\"main-part\">\n                <div class=\"text-part\">\n                                                                <h1 class=\"tb-title\">Portes du Soleil, 580 km<\/h1>\n                                                                <h2 class=\"tb-subtitle\">\t<div class=\"translation-block\"><p>France<\/p><\/div>\n\t<\/h2>\n                                                                                    <div class=\"tb-properties\">\n                                                            <div class=\"tb-property\">\n                                                                            <div class=\"tb-property__icon\">\n                                            \t\t\t\t<i class=\"icon fa-solid fa-mountain fa-fw\" aria-hidden=\"true\"><\/i>\n\t\t\t                                        <\/div>\n                                                                        <div class=\"tb-property__label\">\n                                        Ski international sans fronti\u00e8res                                    <\/div>\n                                <\/div>\n                                                                    <div class=\"tb-properties__divider\"><\/div>\n                                                                                            <div class=\"tb-property\">\n                                                                            <div class=\"tb-property__icon\">\n                                            \t\t\t\t<i class=\"icon fa-kit fa-house-mountain fa-fw\" aria-hidden=\"true\"><\/i>\n\t\t\t                                        <\/div>\n                                                                        <div class=\"tb-property__label\">\n                                        Ambiance alpine authentique                                    <\/div>\n                                <\/div>\n                                                                    <div class=\"tb-properties__divider\"><\/div>\n                                                                                            <div class=\"tb-property\">\n                                                                            <div class=\"tb-property__icon\">\n                                            \t\t\t\t<i class=\"icon fa-solid fa-person-skiing fa-fw\" aria-hidden=\"true\"><\/i>\n\t\t\t                                        <\/div>\n                                                                        <div class=\"tb-property__label\">\n                                        L\u2019\u00e9picentre du snowboard et du freestyle                                    <\/div>\n                                <\/div>\n                                                                                    <\/div>\n                                                                            <\/div>\n            <\/div>\n\n                    <\/div>\n    <\/div>\n\n    \n    \n    \n<\/div>\n\n\n<div class=\"tb-ski-area tb-block align-center background-light pattern-none variant-none tb-collapsible-margins\" id=\"ski-area\">\n    <div class=\"tb-ski-area__background-wrapper\">\n                        <div class=\"tb-ski-area__intro inner-block tb-fade-in tb-fade-in--subtle\">\n            <div class=\"tb-columns\">\n                                <div class=\"tb-column\">\n                    <div class=\"tb-image-part\">\n                        \t<div class=\"inner-block-full-width has-tb-carousel tb-carousel-slider\" >\n\t\t<div class=\"tb-carousel-container\">\n\t\t\t<div class=\"entries tb-cards\" data-slider-first=\"1\">\n\t\t\t\t                                                            <div class=\"tb-image-part__item entry\">\n                                    <img src='https:\/\/ws.travelblox.eu\/wp-content\/smush-webp\/sites\/106\/2026\/07\/06-02-2020-ETSAVORIAZ-128-1024x683.jpg.webp' width='1024' height='683' srcset='https:\/\/ws.travelblox.eu\/wp-content\/smush-webp\/sites\/106\/2026\/07\/06-02-2020-ETSAVORIAZ-128-1024x683.jpg.webp 1024w, https:\/\/ws.travelblox.eu\/wp-content\/smush-webp\/sites\/106\/2026\/07\/06-02-2020-ETSAVORIAZ-128-300x200.jpg.webp 300w, https:\/\/ws.travelblox.eu\/wp-content\/smush-webp\/sites\/106\/2026\/07\/06-02-2020-ETSAVORIAZ-128-768x512.jpg.webp 768w, https:\/\/ws.travelblox.eu\/wp-content\/smush-webp\/sites\/106\/2026\/07\/06-02-2020-ETSAVORIAZ-128-1536x1024.jpg.webp 1536w, https:\/\/ws.travelblox.eu\/wp-content\/smush-webp\/sites\/106\/2026\/07\/06-02-2020-ETSAVORIAZ-128.jpg.webp 2048w' sizes=\"auto, (max-width: 1024px) 100vw, 1024px\" loading='lazy' decoding='async' data-smush-webp-fallback=\"{&quot;src&quot;:&quot;https:\\\/\\\/ws.travelblox.eu\\\/wp-content\\\/uploads\\\/sites\\\/106\\\/2026\\\/07\\\/06-02-2020-ETSAVORIAZ-128-1024x683.jpg&quot;,&quot;srcset&quot;:&quot;https:\\\/\\\/ws.travelblox.eu\\\/wp-content\\\/uploads\\\/sites\\\/106\\\/2026\\\/07\\\/06-02-2020-ETSAVORIAZ-128-1024x683.jpg 1024w, https:\\\/\\\/ws.travelblox.eu\\\/wp-content\\\/uploads\\\/sites\\\/106\\\/2026\\\/07\\\/06-02-2020-ETSAVORIAZ-128-300x200.jpg 300w, https:\\\/\\\/ws.travelblox.eu\\\/wp-content\\\/uploads\\\/sites\\\/106\\\/2026\\\/07\\\/06-02-2020-ETSAVORIAZ-128-768x512.jpg 768w, https:\\\/\\\/ws.travelblox.eu\\\/wp-content\\\/uploads\\\/sites\\\/106\\\/2026\\\/07\\\/06-02-2020-ETSAVORIAZ-128-1536x1024.jpg 1536w, https:\\\/\\\/ws.travelblox.eu\\\/wp-content\\\/uploads\\\/sites\\\/106\\\/2026\\\/07\\\/06-02-2020-ETSAVORIAZ-128.jpg 2048w&quot;}\">                                <\/div>\n                                                            <div class=\"tb-image-part__item entry\">\n                                    <img src='https:\/\/ws.travelblox.eu\/wp-content\/smush-webp\/sites\/106\/2026\/07\/ETS_Duizenddingen_Avoriaz_HR-31-1-1024x596.jpg.webp' width='1024' height='596' srcset='https:\/\/ws.travelblox.eu\/wp-content\/smush-webp\/sites\/106\/2026\/07\/ETS_Duizenddingen_Avoriaz_HR-31-1-1024x596.jpg.webp 1024w, https:\/\/ws.travelblox.eu\/wp-content\/smush-webp\/sites\/106\/2026\/07\/ETS_Duizenddingen_Avoriaz_HR-31-1-300x175.jpg.webp 300w, https:\/\/ws.travelblox.eu\/wp-content\/smush-webp\/sites\/106\/2026\/07\/ETS_Duizenddingen_Avoriaz_HR-31-1-768x447.jpg.webp 768w, https:\/\/ws.travelblox.eu\/wp-content\/smush-webp\/sites\/106\/2026\/07\/ETS_Duizenddingen_Avoriaz_HR-31-1-1536x894.jpg.webp 1536w, https:\/\/ws.travelblox.eu\/wp-content\/smush-webp\/sites\/106\/2026\/07\/ETS_Duizenddingen_Avoriaz_HR-31-1-2048x1192.jpg.webp 2048w' sizes=\"auto, (max-width: 1024px) 100vw, 1024px\" loading='lazy' decoding='async' data-smush-webp-fallback=\"{&quot;src&quot;:&quot;https:\\\/\\\/ws.travelblox.eu\\\/wp-content\\\/uploads\\\/sites\\\/106\\\/2026\\\/07\\\/ETS_Duizenddingen_Avoriaz_HR-31-1-1024x596.jpg&quot;,&quot;srcset&quot;:&quot;https:\\\/\\\/ws.travelblox.eu\\\/wp-content\\\/uploads\\\/sites\\\/106\\\/2026\\\/07\\\/ETS_Duizenddingen_Avoriaz_HR-31-1-1024x596.jpg 1024w, https:\\\/\\\/ws.travelblox.eu\\\/wp-content\\\/uploads\\\/sites\\\/106\\\/2026\\\/07\\\/ETS_Duizenddingen_Avoriaz_HR-31-1-300x175.jpg 300w, https:\\\/\\\/ws.travelblox.eu\\\/wp-content\\\/uploads\\\/sites\\\/106\\\/2026\\\/07\\\/ETS_Duizenddingen_Avoriaz_HR-31-1-768x447.jpg 768w, https:\\\/\\\/ws.travelblox.eu\\\/wp-content\\\/uploads\\\/sites\\\/106\\\/2026\\\/07\\\/ETS_Duizenddingen_Avoriaz_HR-31-1-1536x894.jpg 1536w, https:\\\/\\\/ws.travelblox.eu\\\/wp-content\\\/uploads\\\/sites\\\/106\\\/2026\\\/07\\\/ETS_Duizenddingen_Avoriaz_HR-31-1-2048x1192.jpg 2048w&quot;}\">                                <\/div>\n                                                            <div class=\"tb-image-part__item entry\">\n                                    <img src='https:\/\/ws.travelblox.eu\/wp-content\/smush-webp\/sites\/106\/2026\/07\/06-02-2020-ETSAVORIAZ-130-1024x683.jpg.webp' width='1024' height='683' srcset='https:\/\/ws.travelblox.eu\/wp-content\/smush-webp\/sites\/106\/2026\/07\/06-02-2020-ETSAVORIAZ-130-1024x683.jpg.webp 1024w, https:\/\/ws.travelblox.eu\/wp-content\/smush-webp\/sites\/106\/2026\/07\/06-02-2020-ETSAVORIAZ-130-300x200.jpg.webp 300w, https:\/\/ws.travelblox.eu\/wp-content\/smush-webp\/sites\/106\/2026\/07\/06-02-2020-ETSAVORIAZ-130-768x512.jpg.webp 768w, https:\/\/ws.travelblox.eu\/wp-content\/smush-webp\/sites\/106\/2026\/07\/06-02-2020-ETSAVORIAZ-130-1536x1024.jpg.webp 1536w, https:\/\/ws.travelblox.eu\/wp-content\/smush-webp\/sites\/106\/2026\/07\/06-02-2020-ETSAVORIAZ-130.jpg.webp 2048w' sizes=\"auto, (max-width: 1024px) 100vw, 1024px\" loading='lazy' decoding='async' data-smush-webp-fallback=\"{&quot;src&quot;:&quot;https:\\\/\\\/ws.travelblox.eu\\\/wp-content\\\/uploads\\\/sites\\\/106\\\/2026\\\/07\\\/06-02-2020-ETSAVORIAZ-130-1024x683.jpg&quot;,&quot;srcset&quot;:&quot;https:\\\/\\\/ws.travelblox.eu\\\/wp-content\\\/uploads\\\/sites\\\/106\\\/2026\\\/07\\\/06-02-2020-ETSAVORIAZ-130-1024x683.jpg 1024w, https:\\\/\\\/ws.travelblox.eu\\\/wp-content\\\/uploads\\\/sites\\\/106\\\/2026\\\/07\\\/06-02-2020-ETSAVORIAZ-130-300x200.jpg 300w, https:\\\/\\\/ws.travelblox.eu\\\/wp-content\\\/uploads\\\/sites\\\/106\\\/2026\\\/07\\\/06-02-2020-ETSAVORIAZ-130-768x512.jpg 768w, https:\\\/\\\/ws.travelblox.eu\\\/wp-content\\\/uploads\\\/sites\\\/106\\\/2026\\\/07\\\/06-02-2020-ETSAVORIAZ-130-1536x1024.jpg 1536w, https:\\\/\\\/ws.travelblox.eu\\\/wp-content\\\/uploads\\\/sites\\\/106\\\/2026\\\/07\\\/06-02-2020-ETSAVORIAZ-130.jpg 2048w&quot;}\">                                <\/div>\n                                                            <div class=\"tb-image-part__item entry\">\n                                    <img src='https:\/\/ws.travelblox.eu\/wp-content\/smush-webp\/sites\/106\/2026\/07\/03-02-2020-ETSAVORIAZ-30-1024x683.jpg.webp' width='1024' height='683' srcset='https:\/\/ws.travelblox.eu\/wp-content\/smush-webp\/sites\/106\/2026\/07\/03-02-2020-ETSAVORIAZ-30-1024x683.jpg.webp 1024w, https:\/\/ws.travelblox.eu\/wp-content\/smush-webp\/sites\/106\/2026\/07\/03-02-2020-ETSAVORIAZ-30-300x200.jpg.webp 300w, https:\/\/ws.travelblox.eu\/wp-content\/smush-webp\/sites\/106\/2026\/07\/03-02-2020-ETSAVORIAZ-30-768x512.jpg.webp 768w, https:\/\/ws.travelblox.eu\/wp-content\/smush-webp\/sites\/106\/2026\/07\/03-02-2020-ETSAVORIAZ-30-1536x1024.jpg.webp 1536w, https:\/\/ws.travelblox.eu\/wp-content\/smush-webp\/sites\/106\/2026\/07\/03-02-2020-ETSAVORIAZ-30.jpg.webp 2048w' sizes=\"auto, (max-width: 1024px) 100vw, 1024px\" loading='lazy' decoding='async' data-smush-webp-fallback=\"{&quot;src&quot;:&quot;https:\\\/\\\/ws.travelblox.eu\\\/wp-content\\\/uploads\\\/sites\\\/106\\\/2026\\\/07\\\/03-02-2020-ETSAVORIAZ-30-1024x683.jpg&quot;,&quot;srcset&quot;:&quot;https:\\\/\\\/ws.travelblox.eu\\\/wp-content\\\/uploads\\\/sites\\\/106\\\/2026\\\/07\\\/03-02-2020-ETSAVORIAZ-30-1024x683.jpg 1024w, https:\\\/\\\/ws.travelblox.eu\\\/wp-content\\\/uploads\\\/sites\\\/106\\\/2026\\\/07\\\/03-02-2020-ETSAVORIAZ-30-300x200.jpg 300w, https:\\\/\\\/ws.travelblox.eu\\\/wp-content\\\/uploads\\\/sites\\\/106\\\/2026\\\/07\\\/03-02-2020-ETSAVORIAZ-30-768x512.jpg 768w, https:\\\/\\\/ws.travelblox.eu\\\/wp-content\\\/uploads\\\/sites\\\/106\\\/2026\\\/07\\\/03-02-2020-ETSAVORIAZ-30-1536x1024.jpg 1536w, https:\\\/\\\/ws.travelblox.eu\\\/wp-content\\\/uploads\\\/sites\\\/106\\\/2026\\\/07\\\/03-02-2020-ETSAVORIAZ-30.jpg 2048w&quot;}\">                                <\/div>\n                                                    \t\t\t<\/div>\n\t\t\t\t<div class=\"tb-carousel-nav\">\n\t\t<div class=\"dots\">\n\t\t\t<div class=\"dot active\"><\/div>\n\t\t\t<div class=\"dot\"><\/div>\n\t\t\t<div class=\"dot\"><\/div>\n\t\t<\/div>\n\t\t<div class=\"arrows\">\n\t\t\t<div class=\"prev disabled\">\n\t\t\t\t<span><i class=\"fa fa-chevron-left\"><\/i><\/span>\n\t\t\t<\/div>\n\t\t\t<div class=\"next\">\n\t\t\t\t<span><i class=\"fa fa-chevron-right\"><\/i><\/span>\n\t\t\t<\/div>\n\t\t<\/div>\n\t<\/div>\n\t\t\t<\/div>\n\t<\/div>\n\t                    <\/div>\n                <\/div>\n                                <div class=\"tb-column\">\n                                            <div class=\"text-part tb-has-popup-content\">\n                            <h2 class=\"title\">Portes du Soleil<\/h2>\n                            \t<div class=\"translation-block\"><p><b data-path-to-node=\"1\" data-index-in-node=\"0\">Les Portes du Soleil<\/b>&nbsp;sont un paradis l\u00e9gendaire pour les sports d\u2019hiver, \u00e0 cheval entre la Haute-Savoie fran\u00e7aise et le canton suisse du Valais. Avec pas moins de <b data-path-to-node=\"1\" data-index-in-node=\"201\">580 kilom\u00e8tres de pistes<\/b>, c\u2019est l\u2019un des plus grands domaines skiables au monde.<\/p>\n<p>Ce qui rend le domaine unique, c\u2019est son atmosph\u00e8re authentique. Ses 12 villages reli\u00e9s entre eux, dont Avoriaz, enti\u00e8rement pi\u00e9ton, le chaleureux Morzine et le suisse Les Crosets, ont conserv\u00e9 le charme et le caract\u00e8re des villages alpins traditionnels. Ici, tu skies ou tu fais du snowboard litt\u00e9ralement au-del\u00e0 de la fronti\u00e8re, des for\u00eats de sapins fran\u00e7aises aux alpages suisses, avec un seul forfait.<\/p><\/div>\n\t                            <!--  -->\n                            <!-- button to open map in a dialog -->\n                                                    <\/div>\n                                    <\/div>\n            <\/div>\n        <\/div>\n    <\/div>\n\n    <div class=\"inner-block tb-fade-in tb-fade-in--subtle\">\n        <div class=\"tb-ski-area__ski-passes ski-passes background-dark\">\n                            <h3>Portes du Soleil<\/h3>\n                                    <div class=\"tb-sections\">\n\n                                    <div class=\"tb-ski-area__ski-pass ski-pass tb-section readmore-accordion\" id=\"ski-area-section-0\" >\n                                                                                                    <ul class=\"ski-pass__list ski-pass__slopes\">\n                                <div class=\"ski-pass__list-inner\">\n                                    <h5>Pistes<\/h5>\n                                                                                                                <li class=\"ski-pass__slope ski-pass__slope--total ski-pass__list-item\">\n                                            <i class=\"fa-solid fa-person-skiing\"><\/i> <strong>580 km<\/strong> total des pistes                                        <\/li>\n                                                                                                                                                                                                                                                                            <li class=\"ski-pass__slope ski-pass__slope--blue ski-pass__list-item\">\n                                                <i class=\"fa-solid fa-flag\"><\/i> <strong>310 km<\/strong> pistes bleues                                            <\/li>\n                                                                                                                                                                                                    <li class=\"ski-pass__slope ski-pass__slope--red ski-pass__list-item\">\n                                                <i class=\"fa-solid fa-flag\"><\/i> <strong>210 km<\/strong> pistes rouges                                            <\/li>\n                                                                                                                                                                                                    <li class=\"ski-pass__slope ski-pass__slope--black ski-pass__list-item\">\n                                                <i class=\"fa-solid fa-flag\"><\/i> <strong>60 km<\/strong> pistes noires                                            <\/li>\n                                                                                                            <\/div>\n                            <\/ul>\n                        \n                        <div class=\"readmore-accordion-link tb-buttonlink\">\n                            <span>Lire la suite<\/span> <i class=\"fa-solid fa-chevron-down\"><\/i>\n                        <\/div>\n                                                    <ul class=\"ski-pass__list ski-pass__lifts readmore-accordion-content-item\">\n                                <div class=\"ski-pass__list-inner\">\n                                    <h5>Remont\u00e9es m\u00e9caniques<\/h5>\n                                                                                                                                                                                                <li class=\"ski-pass__lift ski-pass__list-item\">\n                                                                                        <strong>164<\/strong> total des remont\u00e9es m\u00e9caniques                                        <\/li>\n                                                                                                                                                            <li class=\"ski-pass__lift ski-pass__list-item\">\n                                             <i class=\"fa-solid fa-person-ski-lift\"><\/i>                                             <strong>71<\/strong> t\u00e9l\u00e9si\u00e8ges                                        <\/li>\n                                                                                                                                                            <li class=\"ski-pass__lift ski-pass__list-item\">\n                                             <i class=\"fa-solid fa-cable-car\"><\/i>                                             <strong>11<\/strong> t\u00e9l\u00e9cabines                                        <\/li>\n                                                                                                                                                            <li class=\"ski-pass__lift ski-pass__list-item\">\n                                             <i class=\"fa-kit fa-t-bar-lift\"><\/i>                                             <strong>78<\/strong> t-bar                                        <\/li>\n                                                                    <\/div>\n                            <\/ul>\n                        \n                                                                        \n                        \n\n                    <\/div>\n                            <\/div>\n        <\/div>\n    <\/div>\n<\/div>\n\n<div class=\"tb-practical tb-block align-none background-light pattern-none variant-none tb-collapsible-margins\" id=\"practical\">\n\t<div class=\"inner-block tb-fade-in\">\n\t\t<div class=\"text-part\">\n\t\t\t<h2><\/h2>\n\t\t\t\t<div class=\"translation-block\"><\/div>\n\t\t\t<\/div>\n\t<\/div>\n\t<div class=\"inner-block tb-fade-in\">\n\t\t\t\t\t<div class=\"practical-cols\">\n\t\t\t\t<div class=\"practical-nav-container\">\n\t\t\t\t\t<ul class=\"practical-nav tb-style-block\">\n\t\t\t\t\t\t\t\t\t\t\t\t\t<li><a href=\"#practical-block-0\">\ud83d\uddfb Skier sans fronti\u00e8res avec des repas diff\u00e9rents<\/a><\/li>\n\t\t\t\t\t\t\t\t\t\t\t\t\t<li><a href=\"#practical-block-1\">\ud83c\udfc2 Le berceau de la culture freestyle et snowboard<\/a><\/li>\n\t\t\t\t\t\t\t\t\t\t\t\t\t<li><a href=\"#practical-block-2\">\u2728 Pourquoi choisir les Portes du Soleil\u00a0?<\/a><\/li>\n\t\t\t\t\t\t\t\t\t\t\t<\/ul>\n\t\t\t\t<\/div>\n\t\t\t\t<div class=\"tb-accordion tb-accordion--animation tb-accordion-mobile-only text-part\">\n\t\t\t\t\t\t\t\t\t\t\t<div class=\"details\" id=\"practical-block-0\">\n\t\t\t\t\t\t\t<div class=\"summary\">\n\t\t\t\t\t\t\t\t \ud83d\uddfb Skier sans fronti\u00e8res avec des repas diff\u00e9rents\t\t\t\t\t\t\t<\/div>\n\t\t\t\t\t\t\t<div class=\"content\">\n\t\t\t\t\t\t\t\t\t<div class=\"translation-block\"><p>Il existe peu d\u2019endroits au monde o\u00f9 tu peux passer aussi facilement d\u2019un pays \u00e0 l\u2019autre en une seule journ\u00e9e. Tu commences la matin\u00e9e avec un croissant fran\u00e7ais \u00e0 Morzine ou \u00e0 Avoriaz, puis tu skies le long des impressionnantes cr\u00eates frontali\u00e8res avant de savourer, &#8216;l\u2019apr\u00e8s-midi, une authentique fondue suisse dans un refuge chaleureux \u00e0 Champoussin ou aux Crosets. Le passage d\u2019un pays \u00e0 l\u2019autre se fait sans m\u00eame y penser, les pistes sont parfaitement balis\u00e9es et cette exp\u00e9rience ajoute une vraie touche d\u2019aventure \u00e0 tes vacances au ski.<\/p><\/div>\n\t\t\t\t\t\t\t\t<\/div>\n\t\t\t\t\t\t<\/div>\n\t\t\t\t\t\t\t\t\t\t\t<div class=\"details\" id=\"practical-block-1\">\n\t\t\t\t\t\t\t<div class=\"summary\">\n\t\t\t\t\t\t\t\t \ud83c\udfc2 Le berceau de la culture freestyle et snowboard\t\t\t\t\t\t\t<\/div>\n\t\t\t\t\t\t\t<div class=\"content\">\n\t\t\t\t\t\t\t\t\t<div class=\"translation-block\"><p>Les Portes du Soleil, et plus particuli\u00e8rement Avoriaz, sont depuis des d\u00e9cennies \u00e0 la pointe du freestyle. Avec pas moins de 11 snowparks modernes r\u00e9partis dans toute la r\u00e9gion, c\u2019est un v\u00e9ritable terrain de jeu pour les passionn\u00e9s de glisse cr\u00e9ative.<\/p>\n<p>La pi\u00e8ce ma\u00eetresse du domaine est sans conteste <b data-path-to-node=\"19\" data-index-in-node=\"259\">The Stash<\/b>, d\u00e9velopp\u00e9 en collaboration avec Burton Snowboards. Enti\u00e8rement int\u00e9gr\u00e9 \u00e0 la for\u00eat de sapins des Lindarets, ce park propose des obstacles, des tremplins et des rails fabriqu\u00e9s \u00e0 partir d\u2019\u00e9l\u00e9ments naturels, comme des troncs et des arbres tomb\u00e9s.<\/p><\/div>\n\t\t\t\t\t\t\t\t<\/div>\n\t\t\t\t\t\t<\/div>\n\t\t\t\t\t\t\t\t\t\t\t<div class=\"details\" id=\"practical-block-2\">\n\t\t\t\t\t\t\t<div class=\"summary\">\n\t\t\t\t\t\t\t\t \u2728 Pourquoi choisir les Portes du Soleil\u00a0?\t\t\t\t\t\t\t<\/div>\n\t\t\t\t\t\t\t<div class=\"content\">\n\t\t\t\t\t\t\t\t\t<div class=\"translation-block\"><p>\u2705 Des pistes foresti\u00e8res incroyablement pittoresques<br>\u2705 Une culture freestyle et snowboard exceptionnelle<br>\u2705 Le c\u00e9l\u00e8bre \u2018Mur Suisse\u2019 (Chavanette)<br>\u2705 L\u2019un des plus grands domaines skiables au monde<br>\u2705 Une gastronomie remarquable<\/p><\/div>\n\t\t\t\t\t\t\t\t<\/div>\n\t\t\t\t\t\t<\/div>\n\t\t\t\t\t\t\t\t\t<\/div>\n\t\t\t<\/div>\n\t\t\t<\/div>\n<\/div>","protected":false},"excerpt":{"rendered":"","protected":false},"author":80,"featured_media":766,"parent":459,"menu_order":0,"comment_status":"closed","ping_status":"closed","template":"","meta":{"_acf_changed":false,"inline_featured_image":false,"footnotes":""},"class_list":["post-506","page","type-page","status-publish","has-post-thumbnail","hentry"],"acf":{"page_package_ids":"","is_main_package_page":false,"additional_linked_packages":[],"feed_page_to_atlas":true},"_links":{"self":[{"href":"https:\/\/ws.travelblox.eu\/fr\/wp-json\/wp\/v2\/pages\/506","targetHints":{"allow":["GET"]}}],"collection":[{"href":"https:\/\/ws.travelblox.eu\/fr\/wp-json\/wp\/v2\/pages"}],"about":[{"href":"https:\/\/ws.travelblox.eu\/fr\/wp-json\/wp\/v2\/types\/page"}],"author":[{"embeddable":true,"href":"https:\/\/ws.travelblox.eu\/fr\/wp-json\/wp\/v2\/users\/80"}],"replies":[{"embeddable":true,"href":"https:\/\/ws.travelblox.eu\/fr\/wp-json\/wp\/v2\/comments?post=506"}],"version-history":[{"count":6,"href":"https:\/\/ws.travelblox.eu\/fr\/wp-json\/wp\/v2\/pages\/506\/revisions"}],"predecessor-version":[{"id":928,"href":"https:\/\/ws.travelblox.eu\/fr\/wp-json\/wp\/v2\/pages\/506\/revisions\/928"}],"up":[{"embeddable":true,"href":"https:\/\/ws.travelblox.eu\/fr\/wp-json\/wp\/v2\/pages\/459"}],"wp:featuredmedia":[{"embeddable":true,"href":"https:\/\/ws.travelblox.eu\/fr\/wp-json\/wp\/v2\/media\/766"}],"wp:attachment":[{"href":"https:\/\/ws.travelblox.eu\/fr\/wp-json\/wp\/v2\/media?parent=506"}],"curies":[{"name":"wp","href":"https:\/\/api.w.org\/{rel}","templated":true}]}}