{"id":268,"date":"2025-07-16T10:02:30","date_gmt":"2025-07-16T10:02:30","guid":{"rendered":"https:\/\/ws.travelblox.eu\/?page_id=268"},"modified":"2026-08-19T13:00:50","modified_gmt":"2026-08-19T13:00:50","slug":"grandvalira","status":"publish","type":"page","link":"https:\/\/ws.travelblox.eu\/fr\/skigebied\/grandvalira\/","title":{"rendered":"Grandvalira"},"content":{"rendered":"<div class=\"tb-header tb-block align-center background-dark pattern-none variant-none\" id=\"header\" data-fallback-background=\"https:\/\/ws.travelblox.eu\/wp-content\/uploads\/sites\/106\/2026\/07\/ETS_DabbeVanDenBrand_Andorra_week0_HR17-1-scaled.jpg\" style=\"background-image: linear-gradient(rgba(0, 0, 0, 0.4), rgba(0, 0, 0, 0.4)), url('https:\/\/ws.travelblox.eu\/wp-content\/uploads\/sites\/106\/2026\/07\/ETS_DabbeVanDenBrand_Andorra_week0_HR17-1-scaled.jpg'); background-position:;\">\n        \n    <div class=\"tb-header-foreground\">\n        <div class=\"inner-block\">\n\n            <div class=\"main-part\">\n                <div class=\"text-part\">\n                                                                <h1 class=\"tb-title\">Grandvalira 215 km<\/h1>\n                                                                <h2 class=\"tb-subtitle\">\t<div class=\"translation-block\"><p>Andorre<\/p><\/div>\n\t<\/h2>\n                                                                                    <div class=\"tb-properties\">\n                                                            <div class=\"tb-property\">\n                                                                            <div class=\"tb-property__icon\">\n                                            \t\t\t\t<i class=\"icon fa-solid fa-mountain fa-fw\" aria-hidden=\"true\"><\/i>\n\t\t\t                                        <\/div>\n                                                                        <div class=\"tb-property__label\">\n                                        Le plus grand domaine skiable hors des Alpes                                    <\/div>\n                                <\/div>\n                                                                    <div class=\"tb-properties__divider\"><\/div>\n                                                                                            <div class=\"tb-property\">\n                                                                            <div class=\"tb-property__icon\">\n                                            \t\t\t\t<i class=\"icon fa-solid fa-sun fa-fw\" aria-hidden=\"true\"><\/i>\n\t\t\t                                        <\/div>\n                                                                        <div class=\"tb-property__label\">\n                                        Exceptionnellement ensoleill\u00e9 et enneig\u00e9                                    <\/div>\n                                <\/div>\n                                                                    <div class=\"tb-properties__divider\"><\/div>\n                                                                                            <div class=\"tb-property\">\n                                                                            <div class=\"tb-property__icon\">\n                                            \t\t\t\t<i class=\"icon fa-solid fa-euro-sign fa-fw\" aria-hidden=\"true\"><\/i>\n\t\t\t                                        <\/div>\n                                                                        <div class=\"tb-property__label\">\n                                        Prix avantageux, sans TVA                                    <\/div>\n                                <\/div>\n                                                                                    <\/div>\n                                                                            <\/div>\n            <\/div>\n\n                    <\/div>\n    <\/div>\n\n    \n    \n    \n<\/div>\n\n\n<div class=\"tb-ski-area tb-block align-center background-light pattern-none variant-none tb-collapsible-margins\" id=\"ski-area\">\n    <div class=\"tb-ski-area__background-wrapper tb-ski-area__background-wrapper--has-img\">\n                    <div class=\"tb-ski-area__background-image\">\n                            <\/div>\n                            <div class=\"tb-ski-area__background-overlay\"><\/div>\n                <div class=\"tb-ski-area__intro inner-block tb-fade-in tb-fade-in--subtle\">\n            <div class=\"tb-columns\">\n                                <div class=\"tb-column\">\n                    <div class=\"tb-image-part\">\n                        \t<div class=\"inner-block-full-width has-tb-carousel tb-carousel-slider\" >\n\t\t<div class=\"tb-carousel-container\">\n\t\t\t<div class=\"entries tb-cards\" data-slider-first=\"1\">\n\t\t\t\t                                                            <div class=\"tb-image-part__item entry\">\n                                    <img src='https:\/\/ws.travelblox.eu\/wp-content\/smush-webp\/sites\/106\/2026\/07\/LAURENTIUS_2024_JuliadeKeijzer_HR-161-1-1024x683.jpg.webp' width='1024' height='683' srcset='https:\/\/ws.travelblox.eu\/wp-content\/smush-webp\/sites\/106\/2026\/07\/LAURENTIUS_2024_JuliadeKeijzer_HR-161-1-1024x683.jpg.webp 1024w, https:\/\/ws.travelblox.eu\/wp-content\/smush-webp\/sites\/106\/2026\/07\/LAURENTIUS_2024_JuliadeKeijzer_HR-161-1-300x200.jpg.webp 300w, https:\/\/ws.travelblox.eu\/wp-content\/smush-webp\/sites\/106\/2026\/07\/LAURENTIUS_2024_JuliadeKeijzer_HR-161-1-768x512.jpg.webp 768w, https:\/\/ws.travelblox.eu\/wp-content\/smush-webp\/sites\/106\/2026\/07\/LAURENTIUS_2024_JuliadeKeijzer_HR-161-1-1536x1024.jpg.webp 1536w, https:\/\/ws.travelblox.eu\/wp-content\/smush-webp\/sites\/106\/2026\/07\/LAURENTIUS_2024_JuliadeKeijzer_HR-161-1-2048x1365.jpg.webp 2048w' sizes=\"auto, (max-width: 1024px) 100vw, 1024px\" loading='lazy' decoding='async' data-smush-webp-fallback=\"{&quot;src&quot;:&quot;https:\\\/\\\/ws.travelblox.eu\\\/wp-content\\\/uploads\\\/sites\\\/106\\\/2026\\\/07\\\/LAURENTIUS_2024_JuliadeKeijzer_HR-161-1-1024x683.jpg&quot;,&quot;srcset&quot;:&quot;https:\\\/\\\/ws.travelblox.eu\\\/wp-content\\\/uploads\\\/sites\\\/106\\\/2026\\\/07\\\/LAURENTIUS_2024_JuliadeKeijzer_HR-161-1-1024x683.jpg 1024w, https:\\\/\\\/ws.travelblox.eu\\\/wp-content\\\/uploads\\\/sites\\\/106\\\/2026\\\/07\\\/LAURENTIUS_2024_JuliadeKeijzer_HR-161-1-300x200.jpg 300w, https:\\\/\\\/ws.travelblox.eu\\\/wp-content\\\/uploads\\\/sites\\\/106\\\/2026\\\/07\\\/LAURENTIUS_2024_JuliadeKeijzer_HR-161-1-768x512.jpg 768w, https:\\\/\\\/ws.travelblox.eu\\\/wp-content\\\/uploads\\\/sites\\\/106\\\/2026\\\/07\\\/LAURENTIUS_2024_JuliadeKeijzer_HR-161-1-1536x1024.jpg 1536w, https:\\\/\\\/ws.travelblox.eu\\\/wp-content\\\/uploads\\\/sites\\\/106\\\/2026\\\/07\\\/LAURENTIUS_2024_JuliadeKeijzer_HR-161-1-2048x1365.jpg 2048w&quot;}\">                                <\/div>\n                                                            <div class=\"tb-image-part__item entry\">\n                                    <img src='https:\/\/ws.travelblox.eu\/wp-content\/uploads\/sites\/106\/2026\/07\/LAURENTIUS_2024_JuliadeKeijzer_HR-238-1-scaled-e1785231221289-909x1024.jpg' width='909' height='1024' srcset='https:\/\/ws.travelblox.eu\/wp-content\/uploads\/sites\/106\/2026\/07\/LAURENTIUS_2024_JuliadeKeijzer_HR-238-1-scaled-e1785231221289-909x1024.jpg 909w, https:\/\/ws.travelblox.eu\/wp-content\/uploads\/sites\/106\/2026\/07\/LAURENTIUS_2024_JuliadeKeijzer_HR-238-1-scaled-e1785231221289-266x300.jpg 266w, https:\/\/ws.travelblox.eu\/wp-content\/uploads\/sites\/106\/2026\/07\/LAURENTIUS_2024_JuliadeKeijzer_HR-238-1-scaled-e1785231221289-768x866.jpg 768w, https:\/\/ws.travelblox.eu\/wp-content\/uploads\/sites\/106\/2026\/07\/LAURENTIUS_2024_JuliadeKeijzer_HR-238-1-scaled-e1785231221289-1363x1536.jpg 1363w, https:\/\/ws.travelblox.eu\/wp-content\/uploads\/sites\/106\/2026\/07\/LAURENTIUS_2024_JuliadeKeijzer_HR-238-1-scaled-e1785231221289.jpg 1707w' sizes=\"auto, (max-width: 909px) 100vw, 909px\" loading='lazy' decoding='async'>                                <\/div>\n                                                            <div class=\"tb-image-part__item entry\">\n                                    <img src='https:\/\/ws.travelblox.eu\/wp-content\/uploads\/sites\/106\/2026\/07\/ETS_DabbeVanDenBrand_Andorra_week0_HR18-1-1024x683.jpg' width='1024' height='683' srcset='https:\/\/ws.travelblox.eu\/wp-content\/uploads\/sites\/106\/2026\/07\/ETS_DabbeVanDenBrand_Andorra_week0_HR18-1-1024x683.jpg 1024w, https:\/\/ws.travelblox.eu\/wp-content\/uploads\/sites\/106\/2026\/07\/ETS_DabbeVanDenBrand_Andorra_week0_HR18-1-300x200.jpg 300w, https:\/\/ws.travelblox.eu\/wp-content\/uploads\/sites\/106\/2026\/07\/ETS_DabbeVanDenBrand_Andorra_week0_HR18-1-768x512.jpg 768w, https:\/\/ws.travelblox.eu\/wp-content\/uploads\/sites\/106\/2026\/07\/ETS_DabbeVanDenBrand_Andorra_week0_HR18-1-1536x1025.jpg 1536w' sizes=\"auto, (max-width: 1024px) 100vw, 1024px\" loading='lazy' decoding='async'>                                <\/div>\n                                                            <div class=\"tb-image-part__item entry\">\n                                    <img src='https:\/\/ws.travelblox.eu\/wp-content\/smush-webp\/sites\/106\/2026\/07\/SB24_ArthurVermeylen_HR_380-1-1024x683.jpg.webp' width='1024' height='683' srcset='https:\/\/ws.travelblox.eu\/wp-content\/smush-webp\/sites\/106\/2026\/07\/SB24_ArthurVermeylen_HR_380-1-1024x683.jpg.webp 1024w, https:\/\/ws.travelblox.eu\/wp-content\/smush-webp\/sites\/106\/2026\/07\/SB24_ArthurVermeylen_HR_380-1-300x200.jpg.webp 300w, https:\/\/ws.travelblox.eu\/wp-content\/smush-webp\/sites\/106\/2026\/07\/SB24_ArthurVermeylen_HR_380-1-768x512.jpg.webp 768w, https:\/\/ws.travelblox.eu\/wp-content\/smush-webp\/sites\/106\/2026\/07\/SB24_ArthurVermeylen_HR_380-1-1536x1024.jpg.webp 1536w, https:\/\/ws.travelblox.eu\/wp-content\/smush-webp\/sites\/106\/2026\/07\/SB24_ArthurVermeylen_HR_380-1-2048x1365.jpg.webp 2048w' sizes=\"auto, (max-width: 1024px) 100vw, 1024px\" loading='lazy' decoding='async' data-smush-webp-fallback=\"{&quot;src&quot;:&quot;https:\\\/\\\/ws.travelblox.eu\\\/wp-content\\\/uploads\\\/sites\\\/106\\\/2026\\\/07\\\/SB24_ArthurVermeylen_HR_380-1-1024x683.jpg&quot;,&quot;srcset&quot;:&quot;https:\\\/\\\/ws.travelblox.eu\\\/wp-content\\\/uploads\\\/sites\\\/106\\\/2026\\\/07\\\/SB24_ArthurVermeylen_HR_380-1-1024x683.jpg 1024w, https:\\\/\\\/ws.travelblox.eu\\\/wp-content\\\/uploads\\\/sites\\\/106\\\/2026\\\/07\\\/SB24_ArthurVermeylen_HR_380-1-300x200.jpg 300w, https:\\\/\\\/ws.travelblox.eu\\\/wp-content\\\/uploads\\\/sites\\\/106\\\/2026\\\/07\\\/SB24_ArthurVermeylen_HR_380-1-768x512.jpg 768w, https:\\\/\\\/ws.travelblox.eu\\\/wp-content\\\/uploads\\\/sites\\\/106\\\/2026\\\/07\\\/SB24_ArthurVermeylen_HR_380-1-1536x1024.jpg 1536w, https:\\\/\\\/ws.travelblox.eu\\\/wp-content\\\/uploads\\\/sites\\\/106\\\/2026\\\/07\\\/SB24_ArthurVermeylen_HR_380-1-2048x1365.jpg 2048w&quot;}\">                                <\/div>\n                                                            <div class=\"tb-image-part__item entry\">\n                                    <img src='https:\/\/ws.travelblox.eu\/wp-content\/smush-webp\/sites\/106\/2026\/07\/LAURENTIUS_2024_JuliadeKeijzer_HR-4-1-1024x683.jpg.webp' width='1024' height='683' srcset='https:\/\/ws.travelblox.eu\/wp-content\/smush-webp\/sites\/106\/2026\/07\/LAURENTIUS_2024_JuliadeKeijzer_HR-4-1-1024x683.jpg.webp 1024w, https:\/\/ws.travelblox.eu\/wp-content\/smush-webp\/sites\/106\/2026\/07\/LAURENTIUS_2024_JuliadeKeijzer_HR-4-1-300x200.jpg.webp 300w, https:\/\/ws.travelblox.eu\/wp-content\/smush-webp\/sites\/106\/2026\/07\/LAURENTIUS_2024_JuliadeKeijzer_HR-4-1-768x512.jpg.webp 768w, https:\/\/ws.travelblox.eu\/wp-content\/smush-webp\/sites\/106\/2026\/07\/LAURENTIUS_2024_JuliadeKeijzer_HR-4-1-1536x1024.jpg.webp 1536w, https:\/\/ws.travelblox.eu\/wp-content\/smush-webp\/sites\/106\/2026\/07\/LAURENTIUS_2024_JuliadeKeijzer_HR-4-1-2048x1365.jpg.webp 2048w' sizes=\"auto, (max-width: 1024px) 100vw, 1024px\" loading='lazy' decoding='async' data-smush-webp-fallback=\"{&quot;src&quot;:&quot;https:\\\/\\\/ws.travelblox.eu\\\/wp-content\\\/uploads\\\/sites\\\/106\\\/2026\\\/07\\\/LAURENTIUS_2024_JuliadeKeijzer_HR-4-1-1024x683.jpg&quot;,&quot;srcset&quot;:&quot;https:\\\/\\\/ws.travelblox.eu\\\/wp-content\\\/uploads\\\/sites\\\/106\\\/2026\\\/07\\\/LAURENTIUS_2024_JuliadeKeijzer_HR-4-1-1024x683.jpg 1024w, https:\\\/\\\/ws.travelblox.eu\\\/wp-content\\\/uploads\\\/sites\\\/106\\\/2026\\\/07\\\/LAURENTIUS_2024_JuliadeKeijzer_HR-4-1-300x200.jpg 300w, https:\\\/\\\/ws.travelblox.eu\\\/wp-content\\\/uploads\\\/sites\\\/106\\\/2026\\\/07\\\/LAURENTIUS_2024_JuliadeKeijzer_HR-4-1-768x512.jpg 768w, https:\\\/\\\/ws.travelblox.eu\\\/wp-content\\\/uploads\\\/sites\\\/106\\\/2026\\\/07\\\/LAURENTIUS_2024_JuliadeKeijzer_HR-4-1-1536x1024.jpg 1536w, https:\\\/\\\/ws.travelblox.eu\\\/wp-content\\\/uploads\\\/sites\\\/106\\\/2026\\\/07\\\/LAURENTIUS_2024_JuliadeKeijzer_HR-4-1-2048x1365.jpg 2048w&quot;}\">                                <\/div>\n                                                            <div class=\"tb-image-part__item entry\">\n                                    <img src='https:\/\/ws.travelblox.eu\/wp-content\/smush-webp\/sites\/106\/2026\/07\/ETS_DabbeVanDenBrand_Andorra_week0_HR4-1-1024x576.jpg.webp' width='1024' height='576' srcset='https:\/\/ws.travelblox.eu\/wp-content\/smush-webp\/sites\/106\/2026\/07\/ETS_DabbeVanDenBrand_Andorra_week0_HR4-1-1024x576.jpg.webp 1024w, https:\/\/ws.travelblox.eu\/wp-content\/smush-webp\/sites\/106\/2026\/07\/ETS_DabbeVanDenBrand_Andorra_week0_HR4-1-300x169.jpg.webp 300w, https:\/\/ws.travelblox.eu\/wp-content\/smush-webp\/sites\/106\/2026\/07\/ETS_DabbeVanDenBrand_Andorra_week0_HR4-1-768x432.jpg.webp 768w, https:\/\/ws.travelblox.eu\/wp-content\/smush-webp\/sites\/106\/2026\/07\/ETS_DabbeVanDenBrand_Andorra_week0_HR4-1-1536x864.jpg.webp 1536w, https:\/\/ws.travelblox.eu\/wp-content\/smush-webp\/sites\/106\/2026\/07\/ETS_DabbeVanDenBrand_Andorra_week0_HR4-1-2048x1152.jpg.webp 2048w' sizes=\"auto, (max-width: 1024px) 100vw, 1024px\" loading='lazy' decoding='async' data-smush-webp-fallback=\"{&quot;src&quot;:&quot;https:\\\/\\\/ws.travelblox.eu\\\/wp-content\\\/uploads\\\/sites\\\/106\\\/2026\\\/07\\\/ETS_DabbeVanDenBrand_Andorra_week0_HR4-1-1024x576.jpg&quot;,&quot;srcset&quot;:&quot;https:\\\/\\\/ws.travelblox.eu\\\/wp-content\\\/uploads\\\/sites\\\/106\\\/2026\\\/07\\\/ETS_DabbeVanDenBrand_Andorra_week0_HR4-1-1024x576.jpg 1024w, https:\\\/\\\/ws.travelblox.eu\\\/wp-content\\\/uploads\\\/sites\\\/106\\\/2026\\\/07\\\/ETS_DabbeVanDenBrand_Andorra_week0_HR4-1-300x169.jpg 300w, https:\\\/\\\/ws.travelblox.eu\\\/wp-content\\\/uploads\\\/sites\\\/106\\\/2026\\\/07\\\/ETS_DabbeVanDenBrand_Andorra_week0_HR4-1-768x432.jpg 768w, https:\\\/\\\/ws.travelblox.eu\\\/wp-content\\\/uploads\\\/sites\\\/106\\\/2026\\\/07\\\/ETS_DabbeVanDenBrand_Andorra_week0_HR4-1-1536x864.jpg 1536w, https:\\\/\\\/ws.travelblox.eu\\\/wp-content\\\/uploads\\\/sites\\\/106\\\/2026\\\/07\\\/ETS_DabbeVanDenBrand_Andorra_week0_HR4-1-2048x1152.jpg 2048w&quot;}\">                                <\/div>\n                                                    \t\t\t<\/div>\n\t\t\t\t<div class=\"tb-carousel-nav\">\n\t\t<div class=\"dots\">\n\t\t\t<div class=\"dot active\"><\/div>\n\t\t\t<div class=\"dot\"><\/div>\n\t\t\t<div class=\"dot\"><\/div>\n\t\t<\/div>\n\t\t<div class=\"arrows\">\n\t\t\t<div class=\"prev disabled\">\n\t\t\t\t<span><i class=\"fa fa-chevron-left\"><\/i><\/span>\n\t\t\t<\/div>\n\t\t\t<div class=\"next\">\n\t\t\t\t<span><i class=\"fa fa-chevron-right\"><\/i><\/span>\n\t\t\t<\/div>\n\t\t<\/div>\n\t<\/div>\n\t\t\t<\/div>\n\t<\/div>\n\t                    <\/div>\n                <\/div>\n                                <div class=\"tb-column\">\n                                            <div class=\"text-part tb-has-popup-content\">\n                            <h2 class=\"title\">Grandvalira<\/h2>\n                            \t<div class=\"translation-block\"><p><strong>Grandvalira \u2013 Le plus grand et le plus ensoleill\u00e9 domaine skiable d\u2019Andorre<\/strong><br><i><strong>Vaste, vari\u00e9 et enneig\u00e9<\/strong>&nbsp;<\/i><\/p><p><strong>Grandvalira<\/strong> est le plus grand domaine skiable d\u2019Andorre. Il s\u2019\u00e9tend sur quatre vall\u00e9es et relie les charmants villages de Canillo, El Tarter, Encamp, Grau Roig, Pas de la Casa et Soldeu. Avec des altitudes comprises entre <strong>1 710 et 2 640 m\u00e8tres<\/strong>, vous skiez ici en moyenne plus haut que dans de nombreux domaines alpins, ce qui favorise <strong>un excellent enneigement<\/strong> tout en offrant des panoramas spectaculaires.<\/p><\/div>\n\t                            <!--  -->\n                            <!-- button to open map in a dialog -->\n                                                            <button class=\"tb-button tb-popup-trigger tb-button--desktop\" data-no-translation>\n                                    Afficher la carte                                <\/button>\n                                                                    <a href=\"https:\/\/ws.travelblox.eu\/wp-content\/uploads\/sites\/106\/2025\/07\/Grandvalira-Piste-Ski-Map-2024.pdf\" class=\"tb-button tb-button--mobile tb-button--pdf\" target=\"_blank\" data-no-translation>\n                                        T\u00e9l\u00e9charger la carte                                    <\/a>\n                                                                <dialog class=\"tb-popup tb-popup--map tb-popup--for-pdf\">\n                                    <div class=\"tb-popup__content\">\n                                        <div class=\"tb-popup__content__inner\">\n                                            <div class=\"tb-popup__content__inner__close tb-popup-close\">\n                                                <i class=\"fa-solid fa-times\"><\/i>\n                                            <\/div>\n                                            <div class=\"tb-popup__content__inner__map\">\n                                                <iframe loading=\"lazy\" src=\"https:\/\/ws.travelblox.eu\/wp-content\/uploads\/sites\/106\/2025\/07\/Grandvalira-Piste-Ski-Map-2024.pdf\" width=\"100%\" height=\"100%\"><\/iframe>                                            <\/div>\n                                        <\/div>\n                                    <\/div>\n                                <\/dialog>\n                                                    <\/div>\n                                    <\/div>\n            <\/div>\n        <\/div>\n    <\/div>\n\n    <div class=\"inner-block tb-fade-in tb-fade-in--subtle\">\n        <div class=\"tb-ski-area__ski-passes ski-passes background-dark\">\n                            <h3>Grandvalira<\/h3>\n                                    <div class=\"tb-sections\">\n\n                                    <div class=\"tb-ski-area__ski-pass ski-pass tb-section readmore-accordion\" id=\"ski-area-section-0\" >\n                                                                                                    <ul class=\"ski-pass__list ski-pass__slopes\">\n                                <div class=\"ski-pass__list-inner\">\n                                    <h5>Pistes<\/h5>\n                                                                                                                <li class=\"ski-pass__slope ski-pass__slope--total ski-pass__list-item\">\n                                            <i class=\"fa-solid fa-person-skiing\"><\/i> <strong>215 km<\/strong> total des pistes                                        <\/li>\n                                                                                                                                                                                                                                                                            <li class=\"ski-pass__slope ski-pass__slope--blue ski-pass__list-item\">\n                                                <i class=\"fa-solid fa-flag\"><\/i> <strong>100 km<\/strong> pistes bleues                                            <\/li>\n                                                                                                                                                                                                    <li class=\"ski-pass__slope ski-pass__slope--red ski-pass__list-item\">\n                                                <i class=\"fa-solid fa-flag\"><\/i> <strong>82 km<\/strong> pistes rouges                                            <\/li>\n                                                                                                                                                                                                    <li class=\"ski-pass__slope ski-pass__slope--black ski-pass__list-item\">\n                                                <i class=\"fa-solid fa-flag\"><\/i> <strong>33 km<\/strong> pistes noires                                            <\/li>\n                                                                                                            <\/div>\n                            <\/ul>\n                        \n                        <div class=\"readmore-accordion-link tb-buttonlink\">\n                            <span>Lire la suite<\/span> <i class=\"fa-solid fa-chevron-down\"><\/i>\n                        <\/div>\n                                                    <ul class=\"ski-pass__list ski-pass__lifts readmore-accordion-content-item\">\n                                <div class=\"ski-pass__list-inner\">\n                                    <h5>Remont\u00e9es m\u00e9caniques<\/h5>\n                                                                                                                                                                                                <li class=\"ski-pass__lift ski-pass__list-item\">\n                                                                                        <strong>64<\/strong> total des remont\u00e9es m\u00e9caniques                                        <\/li>\n                                                                                                                                                            <li class=\"ski-pass__lift ski-pass__list-item\">\n                                             <i class=\"fa-solid fa-person-ski-lift\"><\/i>                                             <strong>28<\/strong> t\u00e9l\u00e9si\u00e8ges                                        <\/li>\n                                                                                                                                                            <li class=\"ski-pass__lift ski-pass__list-item\">\n                                             <i class=\"fa-solid fa-cable-car\"><\/i>                                             <strong>6<\/strong> t\u00e9l\u00e9cabines                                        <\/li>\n                                                                                                                                                            <li class=\"ski-pass__lift ski-pass__list-item\">\n                                             <i class=\"fa-kit fa-t-bar-lift\"><\/i>                                             <strong>31<\/strong> t-bar                                        <\/li>\n                                                                    <\/div>\n                            <\/ul>\n                        \n                                                                        \n                        \n\n                    <\/div>\n                            <\/div>\n        <\/div>\n    <\/div>\n<\/div>\n\n<div class=\"tb-practical tb-block align-none background-light pattern-none variant-none tb-collapsible-margins\" id=\"practical\">\n\t<div class=\"inner-block tb-fade-in\">\n\t\t<div class=\"text-part\">\n\t\t\t<h2><\/h2>\n\t\t\t\t<div class=\"translation-block\"><p><i>Grandvalira offre le parfait \u00e9quilibre entre <strong>sport, nature et soleil<\/strong> \u2014 une destination id\u00e9ale pour celles et ceux qui souhaitent d\u00e9couvrir autre chose que les Alpes traditionnelles.<\/i><\/p><\/div>\n\t\t\t<\/div>\n\t<\/div>\n\t<div class=\"inner-block tb-fade-in\">\n\t\t\t\t\t<div class=\"practical-cols\">\n\t\t\t\t<div class=\"practical-nav-container\">\n\t\t\t\t\t<ul class=\"practical-nav tb-style-block\">\n\t\t\t\t\t\t\t\t\t\t\t\t\t<li><a href=\"#practical-block-0\">\ud83c\udfbfUne infrastructure haut de gamme \u00e0 prix doux, fa\u00e7on Alpes<\/a><\/li>\n\t\t\t\t\t\t\t\t\t\t\t\t\t<li><a href=\"#practical-block-1\">\u2600\ufe0fSkier au soleil avec un enneigement exceptionnel<\/a><\/li>\n\t\t\t\t\t\t\t\t\t\t\t\t\t<li><a href=\"#practical-block-2\">Pourquoi choisir Grandvalira ?<\/a><\/li>\n\t\t\t\t\t\t\t\t\t\t\t<\/ul>\n\t\t\t\t<\/div>\n\t\t\t\t<div class=\"tb-accordion tb-accordion--animation tb-accordion-mobile-only text-part\">\n\t\t\t\t\t\t\t\t\t\t\t<div class=\"details\" id=\"practical-block-0\">\n\t\t\t\t\t\t\t<div class=\"summary\">\n\t\t\t\t\t\t\t\t \ud83c\udfbfUne infrastructure haut de gamme \u00e0 prix doux, fa\u00e7on Alpes\t\t\t\t\t\t\t<\/div>\n\t\t\t\t\t\t\t<div class=\"content\">\n\t\t\t\t\t\t\t\t\t<div class=\"translation-block\"><p>Andorre a investi des centaines de millions d\u2019euros dans Grandvalira au cours des derni\u00e8res d\u00e9cennies, et cela se ressent. Les remont\u00e9es m\u00e9caniques sont rapides et modernes, les restaurants d\u2019altitude sont \u00e9l\u00e9gants et chaleureux, et la signalisation est particuli\u00e8rement bien pens\u00e9e. Alors que les infrastructures et services de ce niveau sont souvent synonymes de prix \u00e9lev\u00e9s dans les Alpes, vous profitez \u00e0 Grandvalira du r\u00e9gime fiscal avantageux d\u2019Andorre. Restaurants sur les pistes, apr\u00e8s-ski, location de mat\u00e9riel et h\u00e9bergements y sont g\u00e9n\u00e9ralement bien plus accessibles, pour un s\u00e9jour haut de gamme qui reste doux pour le portefeuille.<\/p><\/div>\n\t\t\t\t\t\t\t\t<\/div>\n\t\t\t\t\t\t<\/div>\n\t\t\t\t\t\t\t\t\t\t\t<div class=\"details\" id=\"practical-block-1\">\n\t\t\t\t\t\t\t<div class=\"summary\">\n\t\t\t\t\t\t\t\t \u2600\ufe0fSkier au soleil avec un enneigement exceptionnel\t\t\t\t\t\t\t<\/div>\n\t\t\t\t\t\t\t<div class=\"content\">\n\t\t\t\t\t\t\t\t\t<div class=\"translation-block\"><p>La situation de Grandvalira est, d\u2019un point de vue m\u00e9t\u00e9orologique, particuli\u00e8rement avantageuse. Situ\u00e9 dans les Pyr\u00e9n\u00e9es, le domaine b\u00e9n\u00e9ficie d\u2019un microclimat qui combine les d\u00e9pressions froides et neigeuses venues de l\u2019Atlantique avec les influences douces et ensoleill\u00e9es de la M\u00e9diterran\u00e9e.<br>Le r\u00e9sultat ? En moyenne plus de 300 jours de soleil par an, tandis que plus de 65 % du domaine skiable peut \u00eatre enneig\u00e9 artificiellement gr\u00e2ce \u00e0 un r\u00e9seau de plus de 1 000 enneigeurs. Vous profitez ainsi tr\u00e8s souvent d\u2019une neige de qualit\u00e9 dans des conditions exceptionnellement ensoleill\u00e9es, avec un ciel d\u2019un bleu \u00e9clatant.<\/p><\/div>\n\t\t\t\t\t\t\t\t<\/div>\n\t\t\t\t\t\t<\/div>\n\t\t\t\t\t\t\t\t\t\t\t<div class=\"details\" id=\"practical-block-2\">\n\t\t\t\t\t\t\t<div class=\"summary\">\n\t\t\t\t\t\t\t\t Pourquoi choisir Grandvalira ?\t\t\t\t\t\t\t<\/div>\n\t\t\t\t\t\t\t<div class=\"content\">\n\t\t\t\t\t\t\t\t\t<div class=\"translation-block\"><p>\u2705 Une vari\u00e9t\u00e9 infinie pour tous les niveaux<br>\u2705 Soleil et enneigement exceptionnel<br>\u2705 Adapt\u00e9 \u00e0 tous les niveaux<br>\u2705 L\u2019apr\u00e8s-ski l\u00e9gendaire de Pas de la Casa<br>\u2705 Shopping sans TVA<\/p><\/div>\n\t\t\t\t\t\t\t\t<\/div>\n\t\t\t\t\t\t<\/div>\n\t\t\t\t\t\t\t\t\t<\/div>\n\t\t\t<\/div>\n\t\t\t<\/div>\n<\/div>","protected":false},"excerpt":{"rendered":"","protected":false},"author":80,"featured_media":778,"parent":459,"menu_order":0,"comment_status":"closed","ping_status":"closed","template":"","meta":{"_acf_changed":false,"inline_featured_image":false,"footnotes":""},"class_list":["post-268","page","type-page","status-publish","has-post-thumbnail","hentry"],"acf":{"page_package_ids":"","is_main_package_page":false,"additional_linked_packages":[],"feed_page_to_atlas":true},"_links":{"self":[{"href":"https:\/\/ws.travelblox.eu\/fr\/wp-json\/wp\/v2\/pages\/268","targetHints":{"allow":["GET"]}}],"collection":[{"href":"https:\/\/ws.travelblox.eu\/fr\/wp-json\/wp\/v2\/pages"}],"about":[{"href":"https:\/\/ws.travelblox.eu\/fr\/wp-json\/wp\/v2\/types\/page"}],"author":[{"embeddable":true,"href":"https:\/\/ws.travelblox.eu\/fr\/wp-json\/wp\/v2\/users\/80"}],"replies":[{"embeddable":true,"href":"https:\/\/ws.travelblox.eu\/fr\/wp-json\/wp\/v2\/comments?post=268"}],"version-history":[{"count":12,"href":"https:\/\/ws.travelblox.eu\/fr\/wp-json\/wp\/v2\/pages\/268\/revisions"}],"predecessor-version":[{"id":923,"href":"https:\/\/ws.travelblox.eu\/fr\/wp-json\/wp\/v2\/pages\/268\/revisions\/923"}],"up":[{"embeddable":true,"href":"https:\/\/ws.travelblox.eu\/fr\/wp-json\/wp\/v2\/pages\/459"}],"wp:featuredmedia":[{"embeddable":true,"href":"https:\/\/ws.travelblox.eu\/fr\/wp-json\/wp\/v2\/media\/778"}],"wp:attachment":[{"href":"https:\/\/ws.travelblox.eu\/fr\/wp-json\/wp\/v2\/media?parent=268"}],"curies":[{"name":"wp","href":"https:\/\/api.w.org\/{rel}","templated":true}]}}